{"id":35,"date":"2016-01-25T10:32:22","date_gmt":"2016-01-25T09:32:22","guid":{"rendered":"http:\/\/ps-romanel.ch\/?page_id=35"},"modified":"2026-02-03T23:12:09","modified_gmt":"2026-02-03T22:12:09","slug":"programme","status":"publish","type":"page","link":"https:\/\/ps-romanel.ch\/index.php\/programme\/","title":{"rendered":"Programme pour la l\u00e9gislature 2026 &#8211; 2031"},"content":{"rendered":"<h1><b>Parti socialiste et Les Vert-e-s de Romanel<\/b><\/h1>\n<h2><b>Notre Vision pour Romanel<\/b><\/h2>\n<p><span style=\"font-weight: 400;\">Romanel-sur-Lausanne a connu une croissance remarquable ces derni\u00e8res ann\u00e9es, passant de 3227 habitants fin 2020 \u00e0 environ 4&rsquo;409 fin 2025 (+37%). Cette \u00e9volution d\u00e9mographique t\u00e9moigne de l&rsquo;attractivit\u00e9 de notre commune, qui a su conserver son caract\u00e8re de village.<\/span><\/p>\n<p><span style=\"font-weight: 400;\">Face \u00e0 cette dynamique, nous devons nous donner les moyens de r\u00e9pondre aux d\u00e9fis d&rsquo;une population croissante et diversifi\u00e9e tout en conservant notre identit\u00e9 villageoise.<\/span><\/p>\n<p><span style=\"font-weight: 400;\">Notre programme s&rsquo;articule autour de quatre axes prioritaires qui placent l&rsquo;humain, l&rsquo;environnement et la qualit\u00e9 de vie au c\u0153ur de notre action politique.<\/span><\/p>\n<h2><b>1. Coh\u00e9sion sociale et animation culturelle<\/b><\/h2>\n<h4><span style=\"font-weight: 400;\">espaces et \u00e9v\u00e9nements rassembleurs pour se rencontrer<\/span><\/h4>\n<ul>\n<li style=\"list-style-type: none;\">\n<ul>\n<li style=\"font-weight: 400;\" aria-level=\"2\"><span style=\"font-weight: 400;\">Cr\u00e9ation d&rsquo;un lieu culturel et social polyvalent<\/span><\/li>\n<li style=\"font-weight: 400;\" aria-level=\"2\"><span style=\"font-weight: 400;\">Soutien aux f\u00eates de voisinage dans tous les quartiers<\/span><\/li>\n<li style=\"font-weight: 400;\" aria-level=\"2\"><span style=\"font-weight: 400;\">\u00c9v\u00e9nements multi-culturel, culinaire, musical, traditionnel<\/span><\/li>\n<\/ul>\n<\/li>\n<\/ul>\n<h4><span style=\"font-weight: 400;\">soutien renforc\u00e9 aux soci\u00e9t\u00e9s locales<\/span><\/h4>\n<ul>\n<li style=\"list-style-type: none;\">\n<ul>\n<li style=\"font-weight: 400;\" aria-level=\"2\"><span style=\"font-weight: 400;\">Mise \u00e0 disposition facilit\u00e9e de mat\u00e9riel (tentes, sc\u00e8ne, sono)<\/span><\/li>\n<li style=\"font-weight: 400;\" aria-level=\"2\"><span style=\"font-weight: 400;\">Soutien \u00e0 la promotion des \u00e9v\u00e9nements<\/span><\/li>\n<li style=\"font-weight: 400;\" aria-level=\"2\"><span style=\"font-weight: 400;\">Subventions par projets avec une proc\u00e9dure claire et transparente<\/span><\/li>\n<\/ul>\n<\/li>\n<\/ul>\n<h4><span style=\"font-weight: 400;\">enrichissement de l\u2019offre sociale et culturelle pour les jeunes adultes<\/span><\/h4>\n<ul>\n<li style=\"list-style-type: none;\">\n<ul>\n<li style=\"font-weight: 400;\" aria-level=\"1\"><span style=\"font-weight: 400;\">Lieux de rencontre adapt\u00e9s (bar, espace coworking, espace ludique)<\/span><\/li>\n<li style=\"font-weight: 400;\" aria-level=\"2\"><span style=\"font-weight: 400;\">\u00c9v\u00e9nements culturels cibl\u00e9s (concerts, expositions, soir\u00e9es th\u00e9matiques)<\/span><\/li>\n<li style=\"font-weight: 400;\" aria-level=\"2\"><span style=\"font-weight: 400;\">Cycle de concerts et cin\u00e9ma en plein air durant l&rsquo;\u00e9t\u00e9<\/span><\/li>\n<\/ul>\n<\/li>\n<\/ul>\n<h4><span style=\"font-weight: 400;\">renforcement du lien social et des activit\u00e9s pour les a\u00een\u00e9s<\/span><\/h4>\n<ul>\n<li style=\"list-style-type: none;\">\n<ul>\n<li style=\"font-weight: 400;\" aria-level=\"2\"><span style=\"font-weight: 400;\">Activit\u00e9s et animations plus fr\u00e9quentes<\/span><\/li>\n<li style=\"font-weight: 400;\" aria-level=\"2\"><span style=\"font-weight: 400;\">Caf\u00e9-rencontre interg\u00e9n\u00e9rationnel<\/span><\/li>\n<li style=\"font-weight: 400;\" aria-level=\"2\"><span style=\"font-weight: 400;\">Am\u00e9nagements urbains accessibles (bancs, repos)<\/span><\/li>\n<\/ul>\n<\/li>\n<\/ul>\n<h4><span style=\"font-weight: 400;\">projets participatifs et consultation de la population<\/span><\/h4>\n<ul>\n<li style=\"list-style-type: none;\">\n<ul>\n<li style=\"font-weight: 400;\" aria-level=\"2\"><span style=\"font-weight: 400;\">Consultation r\u00e9guli\u00e8re de la population sur les projets communaux<\/span><\/li>\n<li style=\"font-weight: 400;\" aria-level=\"2\"><span style=\"font-weight: 400;\">Plateforme en ligne pour recueillir id\u00e9es et suggestions<\/span><\/li>\n<li style=\"font-weight: 400;\" aria-level=\"2\"><span style=\"font-weight: 400;\">Budget participatif pour des projets citoyens<\/span><\/li>\n<\/ul>\n<\/li>\n<\/ul>\n<h1><\/h1>\n<h2><b>2. Soutien aux familles<\/b><\/h2>\n<h4><span style=\"font-weight: 400;\">r\u00e9ponses aux besoins croissants des familles en termes de garde<\/span><\/h4>\n<ul>\n<li style=\"list-style-type: none;\">\n<ul>\n<li style=\"font-weight: 400;\" aria-level=\"2\"><span style=\"font-weight: 400;\">Augmentation des places en cr\u00e8che et garderie<\/span><\/li>\n<li style=\"font-weight: 400;\" aria-level=\"2\"><span style=\"font-weight: 400;\">D\u00e9veloppement de l\u2019offre d\u2019activit\u00e9s parascolaire<\/span><\/li>\n<\/ul>\n<\/li>\n<\/ul>\n<h4><span style=\"font-weight: 400;\">facilitation de la transition du d\u00e9but de scolarit\u00e9<\/span><\/h4>\n<ul>\n<li style=\"list-style-type: none;\">\n<ul>\n<li style=\"font-weight: 400;\" aria-level=\"2\"><span style=\"font-weight: 400;\">Campagne d&rsquo;information annuelle sur les options d&rsquo;accueil<\/span><\/li>\n<li style=\"font-weight: 400;\" aria-level=\"2\"><span style=\"font-weight: 400;\">Journ\u00e9es portes ouvertes coordonn\u00e9es (\u00e9cole, cantine, accueil)<\/span><\/li>\n<li style=\"font-weight: 400;\" aria-level=\"2\"><span style=\"font-weight: 400;\">Cr\u00e9ation d&rsquo;une communaut\u00e9 d&rsquo;entraide entre parents<\/span><\/li>\n<\/ul>\n<\/li>\n<\/ul>\n<h4><span style=\"font-weight: 400;\">cr\u00e9ation d\u2019un espace d\u00e9di\u00e9 aux familles avec enfants en bas \u00e2ge<\/span><\/h4>\n<ul>\n<li style=\"list-style-type: none;\">\n<ul>\n<li style=\"font-weight: 400;\" aria-level=\"2\"><span style=\"font-weight: 400;\">Espace de jeux couvert pour les 0-6 ans<\/span><\/li>\n<li style=\"font-weight: 400;\" aria-level=\"2\"><span style=\"font-weight: 400;\">Caf\u00e9t\u00e9ria pour favoriser les \u00e9changes entre parents<\/span><\/li>\n<li style=\"font-weight: 400;\" aria-level=\"2\"><span style=\"font-weight: 400;\">Activit\u00e9s d&rsquo;\u00e9veil encadr\u00e9es<\/span><\/li>\n<\/ul>\n<\/li>\n<\/ul>\n<h4><span style=\"font-weight: 400;\">promotion du sport et des loisirs pour toute la famille<\/span><\/h4>\n<ul>\n<li style=\"list-style-type: none;\">\n<ul>\n<li style=\"font-weight: 400;\" aria-level=\"2\"><span style=\"font-weight: 400;\">Subventions par enfant pour les activit\u00e9s sportives et culturelles<\/span><\/li>\n<li style=\"font-weight: 400;\" aria-level=\"2\"><span style=\"font-weight: 400;\">D\u00e9veloppement des infrastructures sportives publiques<\/span><\/li>\n<li style=\"font-weight: 400;\" aria-level=\"2\"><span style=\"font-weight: 400;\">Organisation de petites comp\u00e9titions et \u00e9v\u00e9nements sportifs locaux<\/span><\/li>\n<\/ul>\n<\/li>\n<\/ul>\n<h2><b>3. \u00c9cologie et mobilit\u00e9<\/b><\/h2>\n<h4><span style=\"font-weight: 400;\">int\u00e9gration de l\u2019\u00e9cologie et de la durabilit\u00e9 dans toutes les r\u00e9flexions<\/span><\/h4>\n<ul>\n<li style=\"list-style-type: none;\">\n<ul>\n<li style=\"font-weight: 400;\" aria-level=\"2\"><span style=\"font-weight: 400;\">Cr\u00e9ation de parcours th\u00e9matiques pour d\u00e9couvrir la biodiversit\u00e9 locale<\/span><\/li>\n<li style=\"font-weight: 400;\" aria-level=\"2\"><span style=\"font-weight: 400;\">Renfort du lien nature &#8211; \u00e9cole: classes en for\u00eat, jardin potager communautaire<\/span><\/li>\n<li style=\"font-weight: 400;\" aria-level=\"2\"><span style=\"font-weight: 400;\">Poursuivre les objectifs de notre le Plan \u00c9nergie et Climat Communal (PECC)<\/span><\/li>\n<\/ul>\n<\/li>\n<\/ul>\n<h4><span style=\"font-weight: 400;\">adaptation au changement climatique<\/span><\/h4>\n<ul>\n<li style=\"list-style-type: none;\">\n<ul>\n<li style=\"font-weight: 400;\" aria-level=\"2\"><span style=\"font-weight: 400;\">Etablir une strat\u00e9gie d\u2019adaptation au changement climatique<\/span><\/li>\n<li style=\"font-weight: 400;\" aria-level=\"2\"><span style=\"font-weight: 400;\">Lutter contre les \u00eelots de chaleur\u00a0<\/span><\/li>\n<li style=\"font-weight: 400;\" aria-level=\"2\"><span style=\"font-weight: 400;\">Pr\u00e9server le cycle de l\u2019eau: surfaces perm\u00e9ables, infiltration des eaux<\/span><\/li>\n<\/ul>\n<\/li>\n<\/ul>\n<h4><span style=\"font-weight: 400;\">augmentation de l&rsquo;efficacit\u00e9 \u00e9nerg\u00e9tique des b\u00e2timents, priv\u00e9s comme publics<\/span><\/h4>\n<ul>\n<li style=\"list-style-type: none;\">\n<ul>\n<li style=\"font-weight: 400;\" aria-level=\"2\"><span style=\"font-weight: 400;\">Soutenir les propri\u00e9taires \u00e0 am\u00e9liorer l&rsquo;efficacit\u00e9 \u00e9nerg\u00e9tique des b\u00e2timents;<\/span><\/li>\n<li style=\"font-weight: 400;\" aria-level=\"2\"><span style=\"font-weight: 400;\">Neutralit\u00e9 carbone pour les constructions de b\u00e2timents communaux<\/span><\/li>\n<\/ul>\n<\/li>\n<\/ul>\n<h4><span style=\"font-weight: 400;\">promotion du d\u00e9placement \u00e0 v\u00e9lo et cohabitation avec les autres usagers<\/span><\/h4>\n<ul>\n<li style=\"list-style-type: none;\">\n<ul>\n<li style=\"font-weight: 400;\" aria-level=\"2\"><span style=\"font-weight: 400;\">Extension du r\u00e9seau de pistes cyclables<\/span><\/li>\n<li style=\"font-weight: 400;\" aria-level=\"2\"><span style=\"font-weight: 400;\">Parkings \u00e0 v\u00e9los couverts et s\u00e9curis\u00e9s pr\u00e8s de la gare, commune, \u00e9coles<\/span><\/li>\n<li style=\"font-weight: 400;\" aria-level=\"2\"><span style=\"font-weight: 400;\">Borne de r\u00e9paration v\u00e9lo self-service<\/span><\/li>\n<\/ul>\n<\/li>\n<\/ul>\n<h4><span style=\"font-weight: 400;\">s\u00e9curisation des trajets \u00e0 pied, en particulier pour les \u00e9coliers<\/span><\/h4>\n<ul>\n<li style=\"list-style-type: none;\">\n<ul>\n<li style=\"font-weight: 400;\" aria-level=\"2\"><span style=\"font-weight: 400;\">Cr\u00e9ation d\u2019un Plan de mobilit\u00e9 scolaire<\/span><\/li>\n<li style=\"font-weight: 400;\" aria-level=\"2\"><span style=\"font-weight: 400;\">Am\u00e9nagement de passages pi\u00e9tons s\u00e9curis\u00e9s suppl\u00e9mentaires<\/span><\/li>\n<li style=\"font-weight: 400;\" aria-level=\"2\"><span style=\"font-weight: 400;\">Zones 30 km\/h \u00e9tendues pr\u00e8s des \u00e9coles<\/span><\/li>\n<li style=\"font-weight: 400;\" aria-level=\"2\"><span style=\"font-weight: 400;\">P\u00e9dibus : encourager la relance d\u2019un projet P\u00e9dibus, voire V\u00e9libus<\/span><\/li>\n<\/ul>\n<\/li>\n<\/ul>\n<h2><b>4. Urbanisme et d\u00e9veloppement<\/b><\/h2>\n<h4><span style=\"font-weight: 400;\">d\u00e9veloppement d\u2019un centre plus convivial sans perdre son caract\u00e8re villageois<\/span><\/h4>\n<ul>\n<li style=\"list-style-type: none;\">\n<ul>\n<li style=\"font-weight: 400;\" aria-level=\"2\"><span style=\"font-weight: 400;\">Am\u00e9nagements favorisant la rencontre et le commerce de proximit\u00e9<\/span><\/li>\n<li style=\"font-weight: 400;\" aria-level=\"2\"><span style=\"font-weight: 400;\">Augmenter le nombre de bancs sur le territoire communal<\/span><\/li>\n<li style=\"font-weight: 400;\" aria-level=\"2\"><span style=\"font-weight: 400;\">Lutte contre la b\u00e9tonisation et promotion de la biodiversit\u00e9 et du bien-\u00eatre.\u00a0<\/span><\/li>\n<\/ul>\n<\/li>\n<\/ul>\n<h4><span style=\"font-weight: 400;\">anticipation de la l\u2019\u00e9volution d\u00e9mographique et des besoins de la population<\/span><\/h4>\n<ul>\n<li style=\"list-style-type: none;\">\n<ul>\n<li style=\"font-weight: 400;\" aria-level=\"2\"><span style=\"font-weight: 400;\">Extension des capacit\u00e9s scolaire et d&rsquo;accueil avant la p\u00e9nurie<\/span><\/li>\n<li style=\"font-weight: 400;\" aria-level=\"2\"><span style=\"font-weight: 400;\">Anticipation des besoins croissant des s\u00e9niors : mobilit\u00e9, accessibilit\u00e9, repos<\/span><\/li>\n<li style=\"font-weight: 400;\" aria-level=\"2\"><span style=\"font-weight: 400;\">Horaires d&rsquo;ouverture de l\u2019administration \u00e9largis et flexibles<\/span><\/li>\n<\/ul>\n<\/li>\n<\/ul>\n<h4><span style=\"font-weight: 400;\">encouragement de l&rsquo;implantation de nouveaux commerces<\/span><\/h4>\n<h4><span style=\"font-weight: 400;\">soutien aux initiatives locales et aux commerces locaux<\/span><\/h4>\n<h2><b>Globalement: un usage responsable de nos ressources<\/b><\/h2>\n<ul>\n<li style=\"font-weight: 400;\" aria-level=\"1\"><span style=\"font-weight: 400;\">budget \u00e9quilibr\u00e9 et investissements cibl\u00e9s<\/span><\/li>\n<li style=\"font-weight: 400;\" aria-level=\"1\"><span style=\"font-weight: 400;\">recherche de synergies avec les communes voisines<\/span><\/li>\n<\/ul>\n<h2><b>Ensemble, faisons vivre Romanel !<\/b><\/h2>\n<p><span style=\"font-weight: 400;\">Notre programme s&rsquo;inscrit dans une vision de long terme pour notre commune. Il s&rsquo;agit de pr\u00e9server ce qui fait la qualit\u00e9 de vie \u00e0 Romanel \u2013 la proximit\u00e9 avec la nature, le caract\u00e8re de village, la convivialit\u00e9 \u2013 tout en nous donnant les moyens de r\u00e9pondre aux d\u00e9fis d&rsquo;une population croissante et diversifi\u00e9e.<\/span><\/p>\n<p><b>Le 8 mars 2026, votez pour une commune o\u00f9 il fait bon vivre, pour tous et \u00e0 tous les \u00e2ges.<\/b><\/p>\n","protected":false},"excerpt":{"rendered":"<p>Parti socialiste et Les Vert-e-s de Romanel Notre Vision pour Romanel Romanel-sur-Lausanne a connu une croissance remarquable ces derni\u00e8res ann\u00e9es, passant de 3227 habitants fin 2020 \u00e0 environ 4&rsquo;409 fin 2025 (+37%). Cette \u00e9volution d\u00e9mographique t\u00e9moigne de l&rsquo;attractivit\u00e9 de notre commune, qui a su conserver son caract\u00e8re de village. Face \u00e0 cette dynamique, nous devons <a href=\"https:\/\/ps-romanel.ch\/index.php\/programme\/\" rel=\"nofollow\"><span class=\"sr-only\">En savoir plus surProgramme pour la l\u00e9gislature 2026 &#8211; 2031<\/span>[&hellip;]<\/a><\/p>\n","protected":false},"author":3,"featured_media":0,"parent":0,"menu_order":0,"comment_status":"closed","ping_status":"closed","template":"","meta":{"footnotes":""},"class_list":["post-35","page","type-page","status-publish","hentry"],"yoast_head":"<!-- This site is optimized with the Yoast SEO plugin v18.7 - https:\/\/yoast.com\/wordpress\/plugins\/seo\/ -->\n<title>Programme pour la l\u00e9gislature 2026 - 2031 - Parti Socialiste de Romanel-sur-Lausanne et Cheseaux-sur-Lausanne<\/title>\n<meta name=\"robots\" content=\"index, follow, max-snippet:-1, max-image-preview:large, max-video-preview:-1\" \/>\n<link rel=\"canonical\" href=\"https:\/\/ps-romanel.ch\/index.php\/programme\/\" \/>\n<meta property=\"og:locale\" content=\"fr_FR\" \/>\n<meta property=\"og:type\" content=\"article\" \/>\n<meta property=\"og:title\" content=\"Programme pour la l\u00e9gislature 2026 - 2031 - Parti Socialiste de Romanel-sur-Lausanne et Cheseaux-sur-Lausanne\" \/>\n<meta property=\"og:description\" content=\"Parti socialiste et Les Vert-e-s de Romanel Notre Vision pour Romanel Romanel-sur-Lausanne a connu une croissance remarquable ces derni\u00e8res ann\u00e9es, passant de 3227 habitants fin 2020 \u00e0 environ 4&rsquo;409 fin 2025 (+37%). Cette \u00e9volution d\u00e9mographique t\u00e9moigne de l&rsquo;attractivit\u00e9 de notre commune, qui a su conserver son caract\u00e8re de village. Face \u00e0 cette dynamique, nous devons En savoir plus surProgramme pour la l\u00e9gislature 2026 &#8211; 2031[&hellip;]\" \/>\n<meta property=\"og:url\" content=\"https:\/\/ps-romanel.ch\/index.php\/programme\/\" \/>\n<meta property=\"og:site_name\" content=\"Parti Socialiste de Romanel-sur-Lausanne et Cheseaux-sur-Lausanne\" \/>\n<meta property=\"article:modified_time\" content=\"2026-02-03T22:12:09+00:00\" \/>\n<meta name=\"twitter:card\" content=\"summary_large_image\" \/>\n<meta name=\"twitter:label1\" content=\"Dur\u00e9e de lecture estim\u00e9e\" \/>\n\t<meta name=\"twitter:data1\" content=\"4 minutes\" \/>\n<script type=\"application\/ld+json\" class=\"yoast-schema-graph\">{\"@context\":\"https:\/\/schema.org\",\"@graph\":[{\"@type\":\"WebSite\",\"@id\":\"https:\/\/ps-romanel.ch\/#website\",\"url\":\"https:\/\/ps-romanel.ch\/\",\"name\":\"Parti Socialiste de Romanel-sur-Lausanne et Cheseaux-sur-Lausanne\",\"description\":\"SOLIDAIRE, PROGRESSISTE ET DURABLE\",\"potentialAction\":[{\"@type\":\"SearchAction\",\"target\":{\"@type\":\"EntryPoint\",\"urlTemplate\":\"https:\/\/ps-romanel.ch\/?s={search_term_string}\"},\"query-input\":\"required name=search_term_string\"}],\"inLanguage\":\"fr-FR\"},{\"@type\":\"WebPage\",\"@id\":\"https:\/\/ps-romanel.ch\/index.php\/programme\/#webpage\",\"url\":\"https:\/\/ps-romanel.ch\/index.php\/programme\/\",\"name\":\"Programme pour la l\u00e9gislature 2026 - 2031 - Parti Socialiste de Romanel-sur-Lausanne et Cheseaux-sur-Lausanne\",\"isPartOf\":{\"@id\":\"https:\/\/ps-romanel.ch\/#website\"},\"datePublished\":\"2016-01-25T09:32:22+00:00\",\"dateModified\":\"2026-02-03T22:12:09+00:00\",\"breadcrumb\":{\"@id\":\"https:\/\/ps-romanel.ch\/index.php\/programme\/#breadcrumb\"},\"inLanguage\":\"fr-FR\",\"potentialAction\":[{\"@type\":\"ReadAction\",\"target\":[\"https:\/\/ps-romanel.ch\/index.php\/programme\/\"]}]},{\"@type\":\"BreadcrumbList\",\"@id\":\"https:\/\/ps-romanel.ch\/index.php\/programme\/#breadcrumb\",\"itemListElement\":[{\"@type\":\"ListItem\",\"position\":1,\"name\":\"Accueil\",\"item\":\"https:\/\/ps-romanel.ch\/\"},{\"@type\":\"ListItem\",\"position\":2,\"name\":\"Programme pour la l\u00e9gislature 2026 &#8211; 2031\"}]}]}<\/script>\n<!-- \/ Yoast SEO plugin. -->","yoast_head_json":{"title":"Programme pour la l\u00e9gislature 2026 - 2031 - Parti Socialiste de Romanel-sur-Lausanne et Cheseaux-sur-Lausanne","robots":{"index":"index","follow":"follow","max-snippet":"max-snippet:-1","max-image-preview":"max-image-preview:large","max-video-preview":"max-video-preview:-1"},"canonical":"https:\/\/ps-romanel.ch\/index.php\/programme\/","og_locale":"fr_FR","og_type":"article","og_title":"Programme pour la l\u00e9gislature 2026 - 2031 - Parti Socialiste de Romanel-sur-Lausanne et Cheseaux-sur-Lausanne","og_description":"Parti socialiste et Les Vert-e-s de Romanel Notre Vision pour Romanel Romanel-sur-Lausanne a connu une croissance remarquable ces derni\u00e8res ann\u00e9es, passant de 3227 habitants fin 2020 \u00e0 environ 4&rsquo;409 fin 2025 (+37%). Cette \u00e9volution d\u00e9mographique t\u00e9moigne de l&rsquo;attractivit\u00e9 de notre commune, qui a su conserver son caract\u00e8re de village. Face \u00e0 cette dynamique, nous devons En savoir plus surProgramme pour la l\u00e9gislature 2026 &#8211; 2031[&hellip;]","og_url":"https:\/\/ps-romanel.ch\/index.php\/programme\/","og_site_name":"Parti Socialiste de Romanel-sur-Lausanne et Cheseaux-sur-Lausanne","article_modified_time":"2026-02-03T22:12:09+00:00","twitter_card":"summary_large_image","twitter_misc":{"Dur\u00e9e de lecture estim\u00e9e":"4 minutes"},"schema":{"@context":"https:\/\/schema.org","@graph":[{"@type":"WebSite","@id":"https:\/\/ps-romanel.ch\/#website","url":"https:\/\/ps-romanel.ch\/","name":"Parti Socialiste de Romanel-sur-Lausanne et Cheseaux-sur-Lausanne","description":"SOLIDAIRE, PROGRESSISTE ET DURABLE","potentialAction":[{"@type":"SearchAction","target":{"@type":"EntryPoint","urlTemplate":"https:\/\/ps-romanel.ch\/?s={search_term_string}"},"query-input":"required name=search_term_string"}],"inLanguage":"fr-FR"},{"@type":"WebPage","@id":"https:\/\/ps-romanel.ch\/index.php\/programme\/#webpage","url":"https:\/\/ps-romanel.ch\/index.php\/programme\/","name":"Programme pour la l\u00e9gislature 2026 - 2031 - Parti Socialiste de Romanel-sur-Lausanne et Cheseaux-sur-Lausanne","isPartOf":{"@id":"https:\/\/ps-romanel.ch\/#website"},"datePublished":"2016-01-25T09:32:22+00:00","dateModified":"2026-02-03T22:12:09+00:00","breadcrumb":{"@id":"https:\/\/ps-romanel.ch\/index.php\/programme\/#breadcrumb"},"inLanguage":"fr-FR","potentialAction":[{"@type":"ReadAction","target":["https:\/\/ps-romanel.ch\/index.php\/programme\/"]}]},{"@type":"BreadcrumbList","@id":"https:\/\/ps-romanel.ch\/index.php\/programme\/#breadcrumb","itemListElement":[{"@type":"ListItem","position":1,"name":"Accueil","item":"https:\/\/ps-romanel.ch\/"},{"@type":"ListItem","position":2,"name":"Programme pour la l\u00e9gislature 2026 &#8211; 2031"}]}]}},"_links":{"self":[{"href":"https:\/\/ps-romanel.ch\/index.php\/wp-json\/wp\/v2\/pages\/35","targetHints":{"allow":["GET"]}}],"collection":[{"href":"https:\/\/ps-romanel.ch\/index.php\/wp-json\/wp\/v2\/pages"}],"about":[{"href":"https:\/\/ps-romanel.ch\/index.php\/wp-json\/wp\/v2\/types\/page"}],"author":[{"embeddable":true,"href":"https:\/\/ps-romanel.ch\/index.php\/wp-json\/wp\/v2\/users\/3"}],"replies":[{"embeddable":true,"href":"https:\/\/ps-romanel.ch\/index.php\/wp-json\/wp\/v2\/comments?post=35"}],"version-history":[{"count":32,"href":"https:\/\/ps-romanel.ch\/index.php\/wp-json\/wp\/v2\/pages\/35\/revisions"}],"predecessor-version":[{"id":1086,"href":"https:\/\/ps-romanel.ch\/index.php\/wp-json\/wp\/v2\/pages\/35\/revisions\/1086"}],"wp:attachment":[{"href":"https:\/\/ps-romanel.ch\/index.php\/wp-json\/wp\/v2\/media?parent=35"}],"curies":[{"name":"wp","href":"https:\/\/api.w.org\/{rel}","templated":true}]}}