{"id":37,"date":"2016-01-25T10:33:22","date_gmt":"2016-01-25T09:33:22","guid":{"rendered":"http:\/\/ps-romanel.ch\/?page_id=37"},"modified":"2026-02-03T18:22:10","modified_gmt":"2026-02-03T17:22:10","slug":"candidat-e-s","status":"publish","type":"page","link":"https:\/\/ps-romanel.ch\/index.php\/candidat-e-s\/","title":{"rendered":"Nos candidat.e.s aux \u00e9lections communales du 8 mars 2026 : Liste N\u00b02 !"},"content":{"rendered":"\n<p><a href=\"https:\/\/vert-e-s-vd.ch\/nord-lausannois\/startseite\/gs2024\/communales_2026_romanel\">Vous pouvez retrouver les portraits de nos colistiers Vert.e.s sur le site de leur section.<\/a><br><\/p>\n\n\n\n<div class=\"wp-block-group\"><div class=\"wp-block-group__inner-container is-layout-constrained wp-block-group-is-layout-constrained\">\n<div class=\"wp-block-media-text is-stacked-on-mobile is-vertically-aligned-top has-white-color has-text-color has-background\" style=\"background-color:#e72c34\"><figure class=\"wp-block-media-text__media\"><img loading=\"lazy\" decoding=\"async\" width=\"1024\" height=\"683\" src=\"http:\/\/ps-romanel.ch\/wp-content\/uploads\/2026\/01\/022-Simon-S-1024x683.jpg\" alt=\"\" class=\"wp-image-812 size-large\" srcset=\"https:\/\/ps-romanel.ch\/wp-content\/uploads\/2026\/01\/022-Simon-S-1024x683.jpg 1024w, https:\/\/ps-romanel.ch\/wp-content\/uploads\/2026\/01\/022-Simon-S-300x200.jpg 300w, https:\/\/ps-romanel.ch\/wp-content\/uploads\/2026\/01\/022-Simon-S-768x512.jpg 768w, https:\/\/ps-romanel.ch\/wp-content\/uploads\/2026\/01\/022-Simon-S-1536x1024.jpg 1536w, https:\/\/ps-romanel.ch\/wp-content\/uploads\/2026\/01\/022-Simon-S-750x500.jpg 750w, https:\/\/ps-romanel.ch\/wp-content\/uploads\/2026\/01\/022-Simon-S.jpg 1600w\" sizes=\"auto, (max-width: 1024px) 100vw, 1024px\" \/><\/figure><div class=\"wp-block-media-text__content\">\n<p><\/p>\n\n\n\n<p class=\"has-text-align-right\" style=\"font-size:25px\">Simon Sch\u00fcl\u00e9, 1979<\/p>\n\n\n\n<p class=\"has-text-align-right\" style=\"font-size:18px\">Ing\u00e9nieur EPFL informatique<br><br>Pr\u00e9sident et ludoth\u00e9caire &#8211; Ludo Romanel<br><br>Pr\u00e9sident de la Commission des Finances<\/p>\n\n\n\n<p class=\"has-text-align-right\" style=\"font-size:16px\"><\/p>\n<\/div><\/div>\n\n\n\n<p><\/p>\n\n\n\n<details class=\"wp-block-details has-medium-font-size is-layout-flow wp-block-details-is-layout-flow\"><summary><strong><strong>+<\/strong> <strong>Pr\u00e9sentation<\/strong><\/strong><\/summary>\n<p class=\"has-medium-font-size\" style=\"font-style:normal;font-weight:300\">Arriv\u00e9 \u00e0 Romanel en 2018 avec ma compagne et nos trois enfants de 8, 12 et 14 ans, j&rsquo;aime \u00e9changer, organiser, et jouer \u00e0 toutes les occasions.<br><br>Tr\u00e8s engag\u00e9 depuis mon arriv\u00e9e au Conseil en 2021, je m&rsquo;int\u00e9resse \u00e0 tous les sujets locaux. Avec le soutien de notre groupe, j&rsquo;ai propos\u00e9 et d\u00e9fendu plusieurs initiatives visant \u00e0 am\u00e9liorer le quotidien de nos habitants.<br><br>Dans mon emploi de responsable informatique \u00e0 la Biblioth\u00e8que Sonore Romande, j\u2019ai le plaisir d\u2019aider ceux qui ne peuvent pas ou que difficilement lire (dyslexiques, malvoyants, aveugles par ex.) gr\u00e2ce aux livres audio et aux moyens num\u00e9riques.<\/p>\n<\/details>\n\n\n\n<details class=\"wp-block-details has-medium-font-size is-layout-flow wp-block-details-is-layout-flow\"><summary><strong><strong>+ Engagements<\/strong><\/strong><\/summary>\n<p class=\"has-medium-font-size\" style=\"font-style:normal;font-weight:300\">Reprise et d\u00e9veloppement de la ludoth\u00e8que depuis 2022 avec nouveau comit\u00e9<br><br>Organisation d&rsquo;\u00e9v\u00e8nements avec la ludoth\u00e8que : animations \u00e0 l&rsquo;ext\u00e9rieure, soir\u00e9es ludiques<\/p>\n\n\n\n<p class=\"has-medium-font-size\" style=\"font-style:normal;font-weight:300\">Organisation d&rsquo;\u00e9v\u00e8nements avec le Parti socialiste : conf\u00e9rence, concerts, ap\u00e9ros, repas<br><br>Sapeur-pompier volontaire au SDIS de la M\u00e8bre depuis 2020<br><br>Commission des Finances depuis le d\u00e9but de la l\u00e9gislature, pr\u00e9sident depuis 2023<br><br>Pr\u00e9sident de la section Romanel-Cheseaux<br><br>Pr\u00e9sident de la r\u00e9gionale du sous-arrondissement de Romanel-sur-Lausanne<\/p>\n<\/details>\n\n\n\n<details class=\"wp-block-details has-medium-font-size is-layout-flow wp-block-details-is-layout-flow\"><summary><strong><strong>+ Vision<\/strong><\/strong><\/summary>\n<p class=\"has-medium-font-size\" style=\"font-style:normal;font-weight:300\">Un village vivant au d\u00e9veloppement audacieux, des lieux de rencontre pour tous et du soutien \u00e0 ceux qui en ont besoin.<\/p>\n<\/details>\n\n\n\n<details class=\"wp-block-details has-medium-font-size is-layout-flow wp-block-details-is-layout-flow\"><summary><strong><strong>+<\/strong> <strong>Priorit\u00e9s<\/strong><\/strong><\/summary>\n<ul class=\"wp-block-list\">\n<li>Aide aux familles, jeunesse et seniors<\/li>\n\n\n\n<li>Planification financi\u00e8re et urbanistique<\/li>\n\n\n\n<li>D\u00e9veloppement \u00e9conomique et culturel<\/li>\n<\/ul>\n<\/details>\n<\/div><\/div>\n\n\n\n<hr class=\"wp-block-separator has-text-color has-vivid-red-color has-alpha-channel-opacity has-vivid-red-background-color has-background\"\/>\n\n\n\n<div class=\"wp-block-group\"><div class=\"wp-block-group__inner-container is-layout-constrained wp-block-group-is-layout-constrained\">\n<div class=\"wp-block-media-text is-stacked-on-mobile is-vertically-aligned-top has-white-color has-text-color has-background\" style=\"background-color:#82b623\"><figure class=\"wp-block-media-text__media\"><\/figure><div class=\"wp-block-media-text__content\">\n<p><\/p>\n\n\n\n<p class=\"has-text-align-right\" style=\"font-size:25px\">Jeanne Vuillaume, 1987<\/p>\n\n\n\n<p class=\"has-text-align-right\" style=\"font-size:18px\">Cheffe de projets urbains et immobiliers<br><br>Master en d\u00e9veloppement territorial<\/p>\n\n\n\n<p class=\"has-text-align-right\" style=\"font-size:16px\"><\/p>\n<\/div><\/div>\n\n\n\n<p><\/p>\n\n\n\n<details class=\"wp-block-details has-medium-font-size is-layout-flow wp-block-details-is-layout-flow\"><summary><strong><strong>+<\/strong> <strong>Pr\u00e9sentation<\/strong><\/strong><\/summary>\n<p class=\"has-medium-font-size\" style=\"font-style:normal;font-weight:300\">J\u2019habite Romanel depuis 3 ans, o\u00f9 j\u2019ai emm\u00e9nag\u00e9 avec famille apr\u00e8s un v\u00e9ritable coup de coeur pour ce village. J\u2019ai tr\u00e8s envie de m\u2019engager pour cette commune qui a d\u00e9j\u00e0 tant de qualit\u00e9s, mais aussi \u00e9norm\u00e9ment de potentiel. Mes rencontres dans le village m&rsquo;ont d\u00e9cid\u00e9e \u00e0 faire le pas d\u2019entrer dans la politique communale. Int\u00e9ress\u00e9e par tous les sujets de la vie locale, j\u2019ai d\u00e9cid\u00e9 de rejoindre les Verts pour porter en particulier les questions environnementales, de qualit\u00e9 des espaces publics, de bien-\u00eatre et sant\u00e9 en ville et d\u2019inclusion au conseil communal.<\/p>\n\n\n\n<p class=\"has-medium-font-size\" style=\"font-style:normal;font-weight:300\">Je suis passionn\u00e9e par la nature, la lecture, la cuisine, le jardinage sur mon balcon. J\u2019ai \u00e9tudi\u00e9 l\u2019urbanisme dans le souci de participer \u00e0 la cr\u00e9ation de lieux qui favorisent le bien-\u00eatre de tous, car les villes et nos logements ont un impact \u00e0 la fois sur notre bonheur individuel, communautaire, et sur l\u2019\u00e9quilibre plan\u00e9taire. Je crois au pouvoir de l\u2019action locale pour apporter des changements au monde.<\/p>\n<\/details>\n\n\n\n<details class=\"wp-block-details has-medium-font-size is-layout-flow wp-block-details-is-layout-flow\"><summary><strong><strong>+ Vision<\/strong><\/strong><\/summary>\n<p class=\"has-medium-font-size\" style=\"font-style:normal;font-weight:300\">Un village joyeux et une communaut\u00e9 solidaire incluant toutes les g\u00e9n\u00e9rations; un village o\u00f9 il fait bon vivre, vert, \u00e9cologique, ressour\u00e7ant, r\u00e9silient; un village qui d\u00e9veloppe un avenir avec des objectifs coh\u00e9rents, co-construits et clairs; un village qui, localement, participe \u00e0 l\u2019am\u00e9lioration de notre vie sur la plan\u00e8te.<\/p>\n<\/details>\n\n\n\n<details class=\"wp-block-details has-medium-font-size is-layout-flow wp-block-details-is-layout-flow\"><summary><strong><strong>+<\/strong> <strong>Priorit\u00e9s<\/strong><\/strong><\/summary>\n<ul class=\"wp-block-list\">\n<li>Etablir une vision strat\u00e9gique pour la commune par tous et pour tous<\/li>\n\n\n\n<li>Int\u00e9grer l\u2019\u00e9cologie et la nature dans les politiques communales<\/li>\n\n\n\n<li>Favoriser la solidarit\u00e9 et l\u2019inclusion<\/li>\n\n\n\n<li>Mener une r\u00e9flexion sur le centre du village<\/li>\n\n\n\n<li>Cr\u00e9er des espaces publics de qualit\u00e9<\/li>\n\n\n\n<li>Donner leur place aux pi\u00e9tons et aux v\u00e9los<\/li>\n\n\n\n<li>Donner une voix aux enfants et adolescents dans la vie communale<\/li>\n<\/ul>\n<\/details>\n<\/div><\/div>\n\n\n\n<hr class=\"wp-block-separator has-text-color has-alpha-channel-opacity has-background is-style-wide\" style=\"background-color:#82b623;color:#82b623\"\/>\n\n\n\n<div class=\"wp-block-media-text is-stacked-on-mobile is-vertically-aligned-top is-style-default has-background\" style=\"background-color:#e72c34\"><figure class=\"wp-block-media-text__media\"><img loading=\"lazy\" decoding=\"async\" width=\"1024\" height=\"683\" src=\"https:\/\/ps-romanel.ch\/wp-content\/uploads\/2026\/01\/018-Christophe-1024x683.jpg\" alt=\"\" class=\"wp-image-808 size-large\" srcset=\"https:\/\/ps-romanel.ch\/wp-content\/uploads\/2026\/01\/018-Christophe-1024x683.jpg 1024w, https:\/\/ps-romanel.ch\/wp-content\/uploads\/2026\/01\/018-Christophe-300x200.jpg 300w, https:\/\/ps-romanel.ch\/wp-content\/uploads\/2026\/01\/018-Christophe-768x512.jpg 768w, https:\/\/ps-romanel.ch\/wp-content\/uploads\/2026\/01\/018-Christophe-1536x1024.jpg 1536w, https:\/\/ps-romanel.ch\/wp-content\/uploads\/2026\/01\/018-Christophe-750x500.jpg 750w, https:\/\/ps-romanel.ch\/wp-content\/uploads\/2026\/01\/018-Christophe.jpg 1600w\" sizes=\"auto, (max-width: 1024px) 100vw, 1024px\" \/><\/figure><div class=\"wp-block-media-text__content\">\n<p><\/p>\n\n\n\n<p class=\"has-text-align-right has-white-color has-text-color has-link-color wp-elements-79bb304b19a96e459a9278bdebed4b61\" style=\"font-size:25px\">Christoph Sch\u00e4fer, 1991<\/p>\n\n\n\n<p class=\"has-text-align-right has-white-color has-text-color has-link-color wp-elements-fadfbb3603636aa7588e5f5c4ed595a9\" style=\"font-size:18px\">Chercheur puis Manager Informatique aux CFF<br><br>Physicien PhD<br><br>Enfants de 2 et 5 ans<\/p>\n\n\n\n<p class=\"has-text-align-right has-white-color has-text-color has-link-color wp-elements-4ff946b577b4e742c6aa43200ac09a22\" style=\"font-size:18px\"><\/p>\n<\/div><\/div>\n\n\n\n<p><\/p>\n\n\n\n<details class=\"wp-block-details has-medium-font-size is-layout-flow wp-block-details-is-layout-flow\"><summary><strong>+<\/strong> <strong>Pr\u00e9sentation<\/strong><\/summary>\n<p class=\"has-medium-font-size\" style=\"font-style:normal;font-weight:300\">Arriv\u00e9 en Romanel en 2019 avec ma compagne, nous avons choisi Romanel comme lieu pour avoir et \u00e9lever nos 2 enfants de 2 et 5 ans. <br><br>Nous adorons ce village et les personnes que nous avons rencontr\u00e9es ont cr\u00e9\u00e9 un milieu convivial pour tout \u00e2ge. <br><br>Confront\u00e9 au probl\u00e8me de trouver une place de garderie pour mes enfants, j&rsquo;ai commenc\u00e9 a m&rsquo;engager dans l&rsquo;espoir de trouver des solutions concr\u00e8tes aux probl\u00e8mes qui hantent beaucoup de jeunes parents.<\/p>\n<\/details>\n\n\n\n<details class=\"wp-block-details has-medium-font-size is-layout-flow wp-block-details-is-layout-flow\"><summary><strong>+ Vision<\/strong><\/summary>\n<p class=\"has-text-align-left has-medium-font-size\" style=\"font-style:normal;font-weight:300\">Un village accueillant pour les familles avec des places de cr\u00e8ches abordables, un soutien pour le personne d&rsquo;\u00e9ducation et d&rsquo;accueil et une vie de village encore plus abondante avec rencontres, \u00e9v\u00e9nements, petit commerce et mobilit\u00e9 douce.<\/p>\n<\/details>\n\n\n\n<details class=\"wp-block-details has-medium-font-size is-layout-flow wp-block-details-is-layout-flow\"><summary><strong>+<\/strong> <strong>Priorit\u00e9s<\/strong><\/summary>\n<ul class=\"wp-block-list\">\n<li>Soutien aux familles, d\u00e9veloppement de l&rsquo;offre de structures de garde<\/li>\n\n\n\n<li>Renforcement de la vie locale \u00e0 travers l&rsquo;encouragement de petits commerces et lieu de rencontre comme le bar 1032<\/li>\n\n\n\n<li>Planification urbaine encourageant les transports publics pour une mobilit\u00e9 douce<\/li>\n<\/ul>\n<\/details>\n\n\n\n<hr class=\"wp-block-separator has-text-color has-vivid-red-color has-alpha-channel-opacity has-vivid-red-background-color has-background\"\/>\n\n\n\n<div class=\"wp-block-media-text is-stacked-on-mobile is-vertically-aligned-top has-white-color has-text-color has-background\" style=\"background-color:#e72c34\"><figure class=\"wp-block-media-text__media\"><img loading=\"lazy\" decoding=\"async\" width=\"1024\" height=\"683\" src=\"https:\/\/ps-romanel.ch\/wp-content\/uploads\/2026\/01\/010-Aurelie-1024x683.jpg\" alt=\"\" class=\"wp-image-800 size-large\" srcset=\"https:\/\/ps-romanel.ch\/wp-content\/uploads\/2026\/01\/010-Aurelie-1024x683.jpg 1024w, https:\/\/ps-romanel.ch\/wp-content\/uploads\/2026\/01\/010-Aurelie-300x200.jpg 300w, https:\/\/ps-romanel.ch\/wp-content\/uploads\/2026\/01\/010-Aurelie-768x512.jpg 768w, https:\/\/ps-romanel.ch\/wp-content\/uploads\/2026\/01\/010-Aurelie-1536x1024.jpg 1536w, https:\/\/ps-romanel.ch\/wp-content\/uploads\/2026\/01\/010-Aurelie-750x500.jpg 750w, https:\/\/ps-romanel.ch\/wp-content\/uploads\/2026\/01\/010-Aurelie.jpg 1600w\" sizes=\"auto, (max-width: 1024px) 100vw, 1024px\" \/><\/figure><div class=\"wp-block-media-text__content\">\n<p><\/p>\n\n\n\n<p class=\"has-text-align-right\" style=\"font-size:25px\">Aur\u00e9lie Fayet, 1981<\/p>\n\n\n\n<p class=\"has-text-align-right\" style=\"font-size:18px\">Responsable op\u00e9rationnelle du Centre de Recherche Clinique du CHUV<br><br>Conseill\u00e8re communale depuis 2016<br><br>Membre de la commission AJENOL<\/p>\n<\/div><\/div>\n\n\n\n<p><\/p>\n\n\n\n<details class=\"wp-block-details has-medium-font-size is-layout-flow wp-block-details-is-layout-flow\"><summary><strong><strong>+<\/strong> <strong>Pr\u00e9sentation<\/strong><\/strong><\/summary>\n<p class=\"has-medium-font-size\" style=\"font-style:normal;font-weight:300\">Install\u00e9e \u00e0 Romanel depuis mon plus jeune \u00e2ge, j\u2019y ai effectu\u00e9 toute ma scolarit\u00e9 et y ai construit mes racines. Aujourd\u2019hui, mes enfants s\u2019y \u00e9panouissent \u00e0 leur tour, renfor\u00e7ant encore mon attachement \u00e0 ce village qui compte tant pour moi.<\/p>\n\n\n\n<p class=\"has-medium-font-size\" style=\"font-style:normal;font-weight:300\">Pharmacienne de formation et titulaire d&rsquo;un doctorat en sciences de la vie, j&rsquo;occupe actuellement un poste de cadre au CHUV, au sein d&rsquo;un service d\u00e9di\u00e9 au soutien des chercheurs dans la r\u00e9alisation de leur projets de recherche en sant\u00e9.<\/p>\n\n\n\n<p class=\"has-medium-font-size\" style=\"font-style:normal;font-weight:300\">Engag\u00e9e comme Conseill\u00e8re communale depuis 2016, j\u2019ai si\u00e9g\u00e9 dans plusieurs commissions permanentes (commissions du feu et d&rsquo;urbanisme, actuellement AJENOL). Je m\u2019investis particuli\u00e8rement dans les projets visant \u00e0 renforcer le soutien aux familles et \u00e0 garantir un d\u00e9veloppement suffisant des places d\u2019accueil pr\u00e9scolaires et parascolaires pour les familles de Romanel.<\/p>\n<\/details>\n\n\n\n<details class=\"wp-block-details has-medium-font-size is-layout-flow wp-block-details-is-layout-flow\"><summary><strong><strong>+ Engagements<\/strong><\/strong><\/summary>\n<p class=\"has-medium-font-size\" style=\"font-style:normal;font-weight:300\">Engag\u00e9e depuis plus de 30 ans dans une association organisant des camps pour enfants et adolescents (monitrice Espoir)<br><br>Je pratique le chant choral depuis mon enfance \u00e0 Romanel et \u00e0 Prilly, puis au Choeur Universitaire de Lausanne, et enfin actuellement au Choeur Vivace de Lausanne<\/p>\n\n\n\n<p><\/p>\n<\/details>\n\n\n\n<details class=\"wp-block-details has-medium-font-size is-layout-flow wp-block-details-is-layout-flow\"><summary><strong><strong>+ Vision<\/strong><\/strong><\/summary>\n<p class=\"has-text-align-left has-medium-font-size\" style=\"font-style:normal;font-weight:300\">Un village qui se soucie des besoins des familles et qui soutient les activit\u00e9s associatives et culturelles.<\/p>\n<\/details>\n\n\n\n<hr class=\"wp-block-separator has-text-color has-vivid-red-color has-alpha-channel-opacity has-vivid-red-background-color has-background\"\/>\n\n\n\n<div class=\"wp-block-group\"><div class=\"wp-block-group__inner-container is-layout-constrained wp-block-group-is-layout-constrained\">\n<div class=\"wp-block-media-text is-stacked-on-mobile is-vertically-aligned-top has-white-color has-text-color has-background\" style=\"background-color:#82b623\"><figure class=\"wp-block-media-text__media\"><img loading=\"lazy\" decoding=\"async\" width=\"1024\" height=\"683\" src=\"http:\/\/ps-romanel.ch\/wp-content\/uploads\/2026\/02\/Nathan-Pidoux-1024x683.jpg\" alt=\"\" class=\"wp-image-1035 size-large\" srcset=\"https:\/\/ps-romanel.ch\/wp-content\/uploads\/2026\/02\/Nathan-Pidoux-1024x683.jpg 1024w, https:\/\/ps-romanel.ch\/wp-content\/uploads\/2026\/02\/Nathan-Pidoux-300x200.jpg 300w, https:\/\/ps-romanel.ch\/wp-content\/uploads\/2026\/02\/Nathan-Pidoux-768x512.jpg 768w, https:\/\/ps-romanel.ch\/wp-content\/uploads\/2026\/02\/Nathan-Pidoux-1536x1024.jpg 1536w, https:\/\/ps-romanel.ch\/wp-content\/uploads\/2026\/02\/Nathan-Pidoux-750x500.jpg 750w, https:\/\/ps-romanel.ch\/wp-content\/uploads\/2026\/02\/Nathan-Pidoux.jpg 1600w\" sizes=\"auto, (max-width: 1024px) 100vw, 1024px\" \/><\/figure><div class=\"wp-block-media-text__content\">\n<p><\/p>\n\n\n\n<p class=\"has-text-align-right\" style=\"font-size:25px\">Nathan Pidoux, 2003<\/p>\n\n\n\n<p class=\"has-text-align-right\" style=\"font-size:18px\">\u00c9tudiant en Arts visuels \u00e0 l\u2019ECAL<br><br>15 ans d\u2019investissement scout (Flambeau de l\u2019\u00c9vangile)<br><br>Ancien Pr\u00e9sident de la Commission des jeunes du Canton<\/p>\n\n\n\n<p class=\"has-text-align-right\" style=\"font-size:16px\"><\/p>\n<\/div><\/div>\n\n\n\n<p><\/p>\n\n\n\n<details class=\"wp-block-details has-medium-font-size is-layout-flow wp-block-details-is-layout-flow\"><summary><strong><strong>+<\/strong> <strong>Pr\u00e9sentation<\/strong><\/strong><\/summary>\n<p class=\"has-medium-font-size\" style=\"font-style:normal;font-weight:300\">Habitant depuis toujours \u00e0 Romanel. Je suis actuellement \u00e9tudiant en troisi\u00e8me ann\u00e9e de Bachelor \u00e0 l\u2019Ecal en option arts visuels. J\u2019ai toujours \u00e9t\u00e9 investi dans diverses associations. D\u2019abord pendant plus de 15 ans au Flambeau de l\u2019\u00e9vangile de Lausanne, un groupe scout confessionnel. Puis \u00e9galement en tant que responsable du groupe de jeunes de mon \u00e9glise locale o\u00f9 je m\u2019occupe d\u2019organiser des soir\u00e9es pour une quarantaine de jeunes tout les vendredis. J\u2019ai eu la chance d\u2019avoir \u00e9t\u00e9 Pr\u00e9sident de la commission de jeunes du Canton de Vaud. Durant ce mandat tr\u00e8s formateur, j\u2019ai eu notamment le privil\u00e8ge de repr\u00e9senter la jeunesse Suisse devant le parlement international des droits de l\u2019enfant \u00e0 l\u2019ONU. Je suis actuellement membre au bureau des Vert-e-s vaudois afin de repr\u00e9senter la jeunesse de mon parti.<\/p>\n\n\n\n<p class=\"has-medium-font-size\" style=\"font-style:normal;font-weight:300\">Je me d\u00e9crirai comme quelqu\u2019un de passionn\u00e9. En tant que jeune artiste en formation, j\u2019aime me creuser la t\u00eate pour faire bouger les lignes et d\u00e9montrer que d\u2019autres chemins sont possibles. Je suis un optimiste radical, dirig\u00e9 non par la col\u00e8re mais par l\u2019espoir d\u2019un monde meilleur. Les valeurs d\u2019entraide, de tol\u00e9rance, de respect du vivant sont fondamentales pour moi. Je crois \u00e0 une commune qui cr\u00e9e de la coh\u00e9sion sociale , qui se bat pour les personnes pr\u00e9caires et qui construit sa politique en prenant en compte les limites plan\u00e9taires. Une commune engag\u00e9e, durable et solidaire.<\/p>\n<\/details>\n\n\n\n<details class=\"wp-block-details has-medium-font-size is-layout-flow wp-block-details-is-layout-flow\"><summary><strong><strong>+<\/strong> <strong>Priorit\u00e9s<\/strong><\/strong><\/summary>\n<ul class=\"wp-block-list\">\n<li>Plus grande participation et int\u00e9gration de la population et notamment des personnes invisibilise\u00e9es comme les jeunes, les \u00e9trangers ou les personnes \u00e2g\u00e9e \u00e0 la politique communale.<\/li>\n\n\n\n<li>Pour une planification urbanistique ambitieuse, prot\u00e9geant le vivant dans son ensemble, lutant contre la b\u00e9tonisation de notre village et favorisant la biodiversit\u00e9.<\/li>\n\n\n\n<li>Encourager les actions et associations qui combattent l\u2019isolement et favorisent la coh\u00e9sion sociale.<\/li>\n\n\n\n<li>Encourager les actions et associations prot\u00e9geant les personnes les plus vuln\u00e9rables de notre commune.<\/li>\n<\/ul>\n<\/details>\n<\/div><\/div>\n\n\n\n<hr class=\"wp-block-separator has-text-color has-alpha-channel-opacity has-background\" style=\"background-color:#82b623;color:#82b623\"\/>\n\n\n\n<div class=\"wp-block-group\"><div class=\"wp-block-group__inner-container is-layout-constrained wp-block-group-is-layout-constrained\">\n<div class=\"wp-block-media-text is-stacked-on-mobile is-vertically-aligned-top has-white-color has-text-color has-background\" style=\"background-color:#e72c34\"><figure class=\"wp-block-media-text__media\"><img loading=\"lazy\" decoding=\"async\" width=\"1024\" height=\"683\" src=\"http:\/\/ps-romanel.ch\/wp-content\/uploads\/2026\/01\/014-Diane-1024x683.jpg\" alt=\"\" class=\"wp-image-804 size-large\" srcset=\"https:\/\/ps-romanel.ch\/wp-content\/uploads\/2026\/01\/014-Diane-1024x683.jpg 1024w, https:\/\/ps-romanel.ch\/wp-content\/uploads\/2026\/01\/014-Diane-300x200.jpg 300w, https:\/\/ps-romanel.ch\/wp-content\/uploads\/2026\/01\/014-Diane-768x512.jpg 768w, https:\/\/ps-romanel.ch\/wp-content\/uploads\/2026\/01\/014-Diane-1536x1024.jpg 1536w, https:\/\/ps-romanel.ch\/wp-content\/uploads\/2026\/01\/014-Diane-750x500.jpg 750w, https:\/\/ps-romanel.ch\/wp-content\/uploads\/2026\/01\/014-Diane.jpg 1600w\" sizes=\"auto, (max-width: 1024px) 100vw, 1024px\" \/><\/figure><div class=\"wp-block-media-text__content\">\n<p><\/p>\n\n\n\n<p class=\"has-text-align-right\" style=\"font-size:25px\">Diane Georges, 1992<\/p>\n\n\n\n<p class=\"has-text-align-right\" style=\"font-size:18px\">Pr\u00e9sidente de l&rsquo;association caritative Ax\u00e9cible<br><br>Responsable de devoirs surveill\u00e9s<br><br>Animatrice sociale en centre de loisirs<br><br>Illustratrice et concept artiste<\/p>\n<\/div><\/div>\n\n\n\n<p><\/p>\n\n\n\n<details class=\"wp-block-details has-medium-font-size is-layout-flow wp-block-details-is-layout-flow\"><summary><strong><strong>+<\/strong> <strong>Pr\u00e9sentation<\/strong><\/strong><\/summary>\n<p class=\"has-medium-font-size\" style=\"font-style:normal;font-weight:300\">Arriv\u00e9e \u00e0 Romanel \u00e0 l\u2019\u00e2ge de 13 ans en 2005, j\u2019y ai grandi et construit mes racines.<br><br>Depuis plus de dix ans, je m\u2019engage aupr\u00e8s des jeunes d\u00e9favoris\u00e9s de la r\u00e9gion, avec la conviction que chacun m\u00e9rite des opportunit\u00e9s et un avenir digne.<br><br>Membre fondateur de l\u2019association Ax\u00e9cible, je participe activement \u00e0 la vie associative et caritative de notre village, depuis 2011.<br><br>Illustratratrice de m\u00e9tier, je vis l\u2019art comme un outil de lien, de dialogue et d\u2019engagement au service de notre communaut\u00e9.<\/p>\n\n\n\n<p class=\"has-medium-font-size\" style=\"font-style:normal;font-weight:300\"><\/p>\n<\/details>\n\n\n\n<details class=\"wp-block-details has-medium-font-size is-layout-flow wp-block-details-is-layout-flow\"><summary><strong>+ Engagements<\/strong><\/summary>\n<p class=\"has-medium-font-size\" style=\"font-style:normal;font-weight:300\">Membre fondatrice d\u2019Ax\u00e9cible, j\u2019ai exerc\u00e9 les fonctions de vice-pr\u00e9sidente puis de pr\u00e9sidente, avec la volont\u00e9 de faire grandir un projet collectif.<br><br>Bien-\u00eatre animal : famille d\u2019accueil pour rongeurs abandonn\u00e9s aux besoins sp\u00e9cifiques, en collaboration avec plusieurs SPA romandes, pour leur offrir une seconde chance.<br><br>Cr\u00e9ation et culture : cr\u00e9atrice et illustratrice de jeux de r\u00f4le suisses romands, je promeuts ce loisir collaboratif et imaginatif \u00e0 travers clubs, associations et conventions.<br><br>Transmission artistique : attach\u00e9e aux techniques artistiques traditionnelles et \u00e0 leur enseignement, je suis convaincue de l\u2019importance de la transmission des savoirs-faires.<br><br>Sobri\u00e9t\u00e9 et durabilit\u00e9 : engag\u00e9e pour la frugalit\u00e9, la seconde main et la r\u00e9paration d\u2019objets du quotidien comme choix \u00e9cologique et responsable.<\/p>\n\n\n\n<p class=\"has-medium-font-size\" style=\"font-style:normal;font-weight:300\"><\/p>\n<\/details>\n\n\n\n<details class=\"wp-block-details has-medium-font-size is-layout-flow wp-block-details-is-layout-flow\"><summary><strong><strong>+ Vision<\/strong><\/strong><\/summary>\n<p class=\"has-medium-font-size\" style=\"font-style:normal;font-weight:300\">Un village solidaire, vivant et responsable, o\u00f9 l\u2019engagement associatif est encourag\u00e9 et reconnu, o\u00f9 la culture et la cr\u00e9ation renforcent le lien social, et o\u00f9 chaque g\u00e9n\u00e9ration trouve sa place.<\/p>\n\n\n\n<p class=\"has-medium-font-size\" style=\"font-style:normal;font-weight:300\"><\/p>\n<\/details>\n\n\n\n<details class=\"wp-block-details has-medium-font-size is-layout-flow wp-block-details-is-layout-flow\"><summary><strong><strong>+<\/strong> <strong>Priorit\u00e9s<\/strong><\/strong><\/summary>\n<p class=\"has-medium-font-size\" style=\"font-style:normal;font-weight:300\">Encourager une vie socio-culturelle locale pour lutter contre une dortoirisation de la commune<br><br>D\u00e9velopper des projets associatifs interg\u00e9n\u00e9rationnels et inclusifs pour renforcer le lien social<br><br>Valoriser la culture et le savoir-faire romanellois<br><br>D\u00e9velloppement d&rsquo;espace de rencontre et de partage pour tous et toutes.<\/p>\n\n\n\n<p class=\"has-medium-font-size\" style=\"font-style:normal;font-weight:300\"><\/p>\n\n\n\n<p class=\"has-medium-font-size\" style=\"font-style:normal;font-weight:300\"><\/p>\n<\/details>\n<\/div><\/div>\n\n\n\n<hr class=\"wp-block-separator has-text-color has-vivid-red-color has-alpha-channel-opacity has-vivid-red-background-color has-background\"\/>\n\n\n\n<div class=\"wp-block-group\"><div class=\"wp-block-group__inner-container is-layout-constrained wp-block-group-is-layout-constrained\">\n<div class=\"wp-block-media-text is-stacked-on-mobile is-vertically-aligned-top has-white-color has-text-color has-background\" style=\"background-color:#e72c34\"><figure class=\"wp-block-media-text__media\"><img loading=\"lazy\" decoding=\"async\" width=\"1024\" height=\"683\" src=\"http:\/\/ps-romanel.ch\/wp-content\/uploads\/2026\/01\/020-Alexandre-1024x683.jpg\" alt=\"\" class=\"wp-image-810 size-large\" srcset=\"https:\/\/ps-romanel.ch\/wp-content\/uploads\/2026\/01\/020-Alexandre-1024x683.jpg 1024w, https:\/\/ps-romanel.ch\/wp-content\/uploads\/2026\/01\/020-Alexandre-300x200.jpg 300w, https:\/\/ps-romanel.ch\/wp-content\/uploads\/2026\/01\/020-Alexandre-768x512.jpg 768w, https:\/\/ps-romanel.ch\/wp-content\/uploads\/2026\/01\/020-Alexandre-1536x1024.jpg 1536w, https:\/\/ps-romanel.ch\/wp-content\/uploads\/2026\/01\/020-Alexandre-750x500.jpg 750w, https:\/\/ps-romanel.ch\/wp-content\/uploads\/2026\/01\/020-Alexandre.jpg 1600w\" sizes=\"auto, (max-width: 1024px) 100vw, 1024px\" \/><\/figure><div class=\"wp-block-media-text__content\">\n<p><\/p>\n\n\n\n<p class=\"has-text-align-right\" style=\"font-size:22px\">Alexandre Francoeur, 1989<\/p>\n\n\n\n<p class=\"has-text-align-right\" style=\"font-size:18px\">Assistant social au CHUV<br><br>Mari\u00e9 et p\u00e8re d&rsquo;un enfant de 5 ans<\/p>\n\n\n\n<p class=\"has-text-align-right\" style=\"font-size:16px\"><\/p>\n<\/div><\/div>\n\n\n\n<p><\/p>\n\n\n\n<details class=\"wp-block-details has-medium-font-size is-layout-flow wp-block-details-is-layout-flow\"><summary><strong><strong>+<\/strong> <strong>Pr\u00e9sentation<\/strong><\/strong><\/summary>\n<p class=\"has-medium-font-size\" style=\"font-style:normal;font-weight:300\">A Romanel depuis 2021, mari\u00e9 et p\u00e8re d&rsquo;un enfant de 5 ans. D&rsquo;origine italo-canadienne.<\/p>\n<\/details>\n\n\n\n<details class=\"wp-block-details has-medium-font-size is-layout-flow wp-block-details-is-layout-flow\"><summary><strong><strong>+<\/strong> <strong>Priorit\u00e9s<\/strong><\/strong><\/summary>\n<p class=\"has-medium-font-size\" style=\"font-style:normal;font-weight:300\">Je suis anim\u00e9 par les questions de genre, de justice sociale et de r\u00e9partition des richesses.<br><br>Priorit\u00e9s : Augmenter les places d&rsquo;accueil en garderie et soutenir la construction d&rsquo;un nouveau coll\u00e8ge.<\/p>\n<\/details>\n<\/div><\/div>\n\n\n\n<hr class=\"wp-block-separator has-text-color has-vivid-red-color has-alpha-channel-opacity has-vivid-red-background-color has-background\"\/>\n\n\n\n<div class=\"wp-block-group\"><div class=\"wp-block-group__inner-container is-layout-constrained wp-block-group-is-layout-constrained\">\n<div class=\"wp-block-media-text is-stacked-on-mobile is-vertically-aligned-top has-white-color has-text-color has-background\" style=\"background-color:#82b623\"><figure class=\"wp-block-media-text__media\"><img loading=\"lazy\" decoding=\"async\" width=\"1024\" height=\"683\" src=\"http:\/\/ps-romanel.ch\/wp-content\/uploads\/2026\/02\/Anna-Mirkovitch-1024x683.jpg\" alt=\"\" class=\"wp-image-1039 size-large\" srcset=\"https:\/\/ps-romanel.ch\/wp-content\/uploads\/2026\/02\/Anna-Mirkovitch-1024x683.jpg 1024w, https:\/\/ps-romanel.ch\/wp-content\/uploads\/2026\/02\/Anna-Mirkovitch-300x200.jpg 300w, https:\/\/ps-romanel.ch\/wp-content\/uploads\/2026\/02\/Anna-Mirkovitch-768x512.jpg 768w, https:\/\/ps-romanel.ch\/wp-content\/uploads\/2026\/02\/Anna-Mirkovitch-1536x1024.jpg 1536w, https:\/\/ps-romanel.ch\/wp-content\/uploads\/2026\/02\/Anna-Mirkovitch-750x500.jpg 750w, https:\/\/ps-romanel.ch\/wp-content\/uploads\/2026\/02\/Anna-Mirkovitch.jpg 1600w\" sizes=\"auto, (max-width: 1024px) 100vw, 1024px\" \/><\/figure><div class=\"wp-block-media-text__content\">\n<p><\/p>\n\n\n\n<p class=\"has-text-align-right\" style=\"font-size:25px\"><br>Anna Mirkovitch, 1994<\/p>\n\n\n\n<p class=\"has-text-align-right\" style=\"font-size:18px\">Cheffe de projets de communication \u00e0 l\u2019\u00c9tat de Vaud<br><br>Master Science Politique<br><br>Monitrice de ski Ski Club \u00c9palinges<\/p>\n\n\n\n<p class=\"has-text-align-right\" style=\"font-size:16px\"><\/p>\n<\/div><\/div>\n\n\n\n<p><\/p>\n\n\n\n<details class=\"wp-block-details has-medium-font-size is-layout-flow wp-block-details-is-layout-flow\"><summary><strong><strong>+<\/strong> <strong>Pr\u00e9sentation<\/strong><\/strong><\/summary>\n<p class=\"has-medium-font-size\" style=\"font-style:normal;font-weight:300\">Apr\u00e8s avoir grandit \u00e0 Epalinges, je suis rest\u00e9e dans la r\u00e9gion du Nord lausannois en habitant \u00e2 Cheseaux puis depuis bient\u00f4t 4 ans \u00e0 Romanel. Apr\u00e8s des \u00e9tudes en science politique et en adminsitration publique j\u2019ai int\u00e9gr\u00e9 l\u2019Office d\u2019orientation scolaire et professionnelle de l\u2019Etat de Vaud. J\u2019y travaille encore actuellement en tant que cheffe de projet d\u2019information et de communication.<\/p>\n\n\n\n<p class=\"has-medium-font-size\" style=\"font-style:normal;font-weight:300\">Mes engagements associatifs t\u00e9moignent de mon enthousiasme pour le sport, monitrice de Ski au sein du Ski-Club Epalinges depuis mon adolescence, je suis \u00e9galement membre du comit\u00e9 du Club \u00e9questre des Berch\u00e8res en tant que responsable restauration. Le lien social me tiens particuli\u00e8rement \u00e0 coeur de m\u00eame que la protection de l\u2019environnement pour un village responsable et solidaire.<\/p>\n<\/details>\n\n\n\n<details class=\"wp-block-details has-medium-font-size is-layout-flow wp-block-details-is-layout-flow\"><summary><strong><strong>+<\/strong> <strong>Priorit\u00e9s<\/strong><\/strong><\/summary>\n<ul class=\"wp-block-list\">\n<li>Encourager la transition \u00e9nerg\u00e9tique et la mobilit\u00e9 douce.<\/li>\n\n\n\n<li>Prot\u00e9ger la biodiversit\u00e9 en augmentant les zones de nature de la commune.<\/li>\n\n\n\n<li>Encouragement et soutien des mouvements associatifs.<\/li>\n\n\n\n<li>D\u00e9veloppement d\u2019espaces de rencontre et de partage.<\/li>\n<\/ul>\n<\/details>\n<\/div><\/div>\n\n\n\n<hr class=\"wp-block-separator has-text-color has-alpha-channel-opacity has-background\" style=\"background-color:#82b623;color:#82b623\"\/>\n\n\n\n<div class=\"wp-block-media-text is-stacked-on-mobile is-vertically-aligned-top has-white-color has-text-color has-background\" style=\"background-color:#e72c34\"><figure class=\"wp-block-media-text__media\"><img loading=\"lazy\" decoding=\"async\" width=\"1024\" height=\"683\" src=\"http:\/\/ps-romanel.ch\/wp-content\/uploads\/2026\/01\/012-Luis-1024x683.jpg\" alt=\"\" class=\"wp-image-802 size-large\" srcset=\"https:\/\/ps-romanel.ch\/wp-content\/uploads\/2026\/01\/012-Luis-1024x683.jpg 1024w, https:\/\/ps-romanel.ch\/wp-content\/uploads\/2026\/01\/012-Luis-300x200.jpg 300w, https:\/\/ps-romanel.ch\/wp-content\/uploads\/2026\/01\/012-Luis-768x512.jpg 768w, https:\/\/ps-romanel.ch\/wp-content\/uploads\/2026\/01\/012-Luis-1536x1024.jpg 1536w, https:\/\/ps-romanel.ch\/wp-content\/uploads\/2026\/01\/012-Luis-750x500.jpg 750w, https:\/\/ps-romanel.ch\/wp-content\/uploads\/2026\/01\/012-Luis.jpg 1600w\" sizes=\"auto, (max-width: 1024px) 100vw, 1024px\" \/><\/figure><div class=\"wp-block-media-text__content\">\n<p><\/p>\n\n\n\n<p class=\"has-text-align-right\" style=\"font-size:25px\">Luis Borda, 1966<\/p>\n\n\n\n<p class=\"has-text-align-right\" style=\"font-size:18px\">Ing\u00e9nieur EPFL sciences de l&rsquo;environnement<br><br>Chef de projets, Direction g\u00e9n\u00e9rale de la mobilit\u00e9 et les routes<br><br>Membre de la Commission d&rsquo;Urbanisme<\/p>\n\n\n\n<p class=\"has-text-align-right\" style=\"font-size:18px\"><\/p>\n<\/div><\/div>\n\n\n\n<p><\/p>\n\n\n\n<details class=\"wp-block-details has-medium-font-size is-layout-flow wp-block-details-is-layout-flow\"><summary><strong><strong>+<\/strong> <strong>Pr\u00e9sentation<\/strong><\/strong><\/summary>\n<p class=\"has-medium-font-size\" style=\"font-style:normal;font-weight:300\">D&rsquo;origine colombienne, je suis arriv\u00e9 en Suisse en 1995 afin de poursuivre mes \u00e9tudes \u00e0 l&rsquo;Ecole Polytechnique F\u00e9d\u00e9rale de Lausanne o\u00f9 j&rsquo;ai fini un master en 1997 dans le domaine des sciences de l&rsquo;environnement ainsi qu&rsquo;un travail de th\u00e8se en 2003 dans le domaine de la g\u00e9omatique. <br><br>Avec mon \u00e9pouse et notre premier enfant \u00e2g\u00e9 d\u2019un an, nous sommes arriv\u00e9s \u00e0 Romanel-sur-Lausanne en 2006. Notre deuxi\u00e8me enfant est n\u00e9 en 2007. <br><br>Je suis devenu conseiller communal un peu par hasard en 2021. <br><br>Je travaille actuellement pour l&rsquo;Etat de Vaud en tant qu&rsquo;ing\u00e9nieur en sciences de l\u2019environnement.<\/p>\n<\/details>\n\n\n\n<details class=\"wp-block-details has-medium-font-size is-layout-flow wp-block-details-is-layout-flow\"><summary><strong><strong>+ Vision<\/strong><\/strong><\/summary>\n<p class=\"has-medium-font-size\" style=\"font-style:normal;font-weight:300\">Un village vivant, responsable, solidaire, \u00e9cologique, coh\u00e9rent et ambitieux. O\u00f9 il fait bon vivre. <br><br>Pour y parvenir je veux apporter mon grain de sable en tant que conseiller communal en traitant tous les dossiers ou sujets avec responsabilit\u00e9 et objectivit\u00e9.<\/p>\n<\/details>\n\n\n\n<details class=\"wp-block-details has-medium-font-size is-layout-flow wp-block-details-is-layout-flow\"><summary><strong>+<\/strong> <strong>Priorit\u00e9s<\/strong><\/summary>\n<p class=\"has-medium-font-size\" style=\"font-style:normal;font-weight:300\">Tous les sujets sont importants : \u00c9coles, finances, vie socio-culturelle, transition \u00e9nerg\u00e9tique et mobilit\u00e9 douce, planification urbanistique, \u00e9cologie et biodiversit\u00e9, solidarit\u00e9, loisirs, jeunesse, commerce.<\/p>\n<\/details>\n\n\n\n<hr class=\"wp-block-separator has-text-color has-vivid-red-color has-alpha-channel-opacity has-vivid-red-background-color has-background\"\/>\n\n\n\n<div class=\"wp-block-media-text is-stacked-on-mobile is-vertically-aligned-top has-white-color has-text-color has-background\" style=\"background-color:#e72c34\"><figure class=\"wp-block-media-text__media\"><img loading=\"lazy\" decoding=\"async\" width=\"1024\" height=\"683\" src=\"http:\/\/ps-romanel.ch\/wp-content\/uploads\/2026\/01\/016-Filomene-1024x683.jpg\" alt=\"\" class=\"wp-image-806 size-large\" srcset=\"https:\/\/ps-romanel.ch\/wp-content\/uploads\/2026\/01\/016-Filomene-1024x683.jpg 1024w, https:\/\/ps-romanel.ch\/wp-content\/uploads\/2026\/01\/016-Filomene-300x200.jpg 300w, https:\/\/ps-romanel.ch\/wp-content\/uploads\/2026\/01\/016-Filomene-768x512.jpg 768w, https:\/\/ps-romanel.ch\/wp-content\/uploads\/2026\/01\/016-Filomene-1536x1024.jpg 1536w, https:\/\/ps-romanel.ch\/wp-content\/uploads\/2026\/01\/016-Filomene-750x500.jpg 750w, https:\/\/ps-romanel.ch\/wp-content\/uploads\/2026\/01\/016-Filomene.jpg 1600w\" sizes=\"auto, (max-width: 1024px) 100vw, 1024px\" \/><\/figure><div class=\"wp-block-media-text__content\">\n<p><\/p>\n\n\n\n<p class=\"has-text-align-right\" style=\"font-size:25px\">Filom\u00e8ne Garcia, 1962<\/p>\n\n\n\n<p class=\"has-text-align-right\" style=\"font-size:18px\">Employ\u00e9e de banque et formatrice d&rsquo;adultes<br><br>Membre de la Commission des Finances<br><br>Membre des femmes socialistes suisses et vaudoises<\/p>\n\n\n\n<p class=\"has-text-align-right\" style=\"font-size:16px\"><\/p>\n<\/div><\/div>\n\n\n\n<p><\/p>\n\n\n\n<details class=\"wp-block-details has-medium-font-size is-layout-flow wp-block-details-is-layout-flow\"><summary><strong><strong>+<\/strong> <strong>Pr\u00e9sentation<\/strong><\/strong><\/summary>\n<p class=\"has-medium-font-size\" style=\"font-style:normal;font-weight:300\">Je vis \u00e0 Romanel depuis 1987. J&rsquo;ai travaill\u00e9 durant de nombreuses ann\u00e9es dans divers \u00e9tablissements bancaires dans lesquels j&rsquo;ai exerc\u00e9 plusieurs m\u00e9tiers de la banque, notamment dans la finance et dans les cr\u00e9dits. <br><br>En parall\u00e8le j&rsquo;ai donn\u00e9 b\u00e9n\u00e9volement des cours de fran\u00e7ais et actuellement je suis b\u00e9n\u00e9vole \u00e0 la ludoth\u00e8que de Romanel. <br><br>Je suis particuli\u00e8rement sensibilis\u00e9e par tout ce qui concerne les enfants et les femmes et je suis tr\u00e8s engag\u00e9e contre la violence faite aux femmes.<\/p>\n<\/details>\n\n\n\n<details class=\"wp-block-details has-medium-font-size is-layout-flow wp-block-details-is-layout-flow\"><summary><strong><strong>+ Engagements<\/strong><\/strong><\/summary>\n<p class=\"has-medium-font-size\" style=\"font-style:normal;font-weight:300\">Formatrice b\u00e9n\u00e9vole en fran\u00e7ais langue d&rsquo;int\u00e9gration pour personnes migrantes en situation de pr\u00e9carit\u00e9<br><br>Membre de la Commission des Finances<br><br>Membre des femmes socialistes suisses et vaudoises<\/p>\n\n\n\n<p class=\"has-medium-font-size\" style=\"font-style:normal;font-weight:300\"><\/p>\n<\/details>\n\n\n\n<hr class=\"wp-block-separator has-text-color has-vivid-red-color has-alpha-channel-opacity has-vivid-red-background-color has-background is-style-wide\"\/>\n\n\n\n<div class=\"wp-block-media-text is-stacked-on-mobile is-vertically-aligned-top has-white-color has-text-color has-background\" style=\"background-color:#e72c34\"><figure class=\"wp-block-media-text__media\"><img loading=\"lazy\" decoding=\"async\" width=\"1024\" height=\"683\" src=\"http:\/\/ps-romanel.ch\/wp-content\/uploads\/2026\/01\/008-Simon-L_-1024x683.jpg\" alt=\"\" class=\"wp-image-798 size-large\" srcset=\"https:\/\/ps-romanel.ch\/wp-content\/uploads\/2026\/01\/008-Simon-L_-1024x683.jpg 1024w, https:\/\/ps-romanel.ch\/wp-content\/uploads\/2026\/01\/008-Simon-L_-300x200.jpg 300w, https:\/\/ps-romanel.ch\/wp-content\/uploads\/2026\/01\/008-Simon-L_-768x512.jpg 768w, https:\/\/ps-romanel.ch\/wp-content\/uploads\/2026\/01\/008-Simon-L_-1536x1024.jpg 1536w, https:\/\/ps-romanel.ch\/wp-content\/uploads\/2026\/01\/008-Simon-L_-750x500.jpg 750w, https:\/\/ps-romanel.ch\/wp-content\/uploads\/2026\/01\/008-Simon-L_.jpg 1600w\" sizes=\"auto, (max-width: 1024px) 100vw, 1024px\" \/><\/figure><div class=\"wp-block-media-text__content\">\n<p><\/p>\n\n\n\n<p class=\"has-text-align-right\" style=\"font-size:25px\">Simon Lob, 1975<\/p>\n\n\n\n<p class=\"has-text-align-right\" style=\"font-size:18px\">Biblioth\u00e9caire<br><br>Conseiller communal depuis 2011<br><br>Membre du Bureau du Conseil <br><br>et de la Commission de Gestion<\/p>\n\n\n\n<p class=\"has-text-align-right\" style=\"font-size:16px\"><\/p>\n<\/div><\/div>\n\n\n\n<p><\/p>\n\n\n\n<details class=\"wp-block-details has-medium-font-size is-layout-flow wp-block-details-is-layout-flow\"><summary><strong><strong>+ Engagements<\/strong> <\/strong><\/summary>\n<p class=\"has-medium-font-size\" style=\"font-style:normal;font-weight:300\">Je suis arriv\u00e9 \u00e0 Romanel-sur-Lausanne en 2010 et je me suis tr\u00e8s vite impliqu\u00e9 dans la vie du village : membre du comit\u00e9 de l&rsquo;association de la garderie (qui n&rsquo;existe plus) et investi dans la vie politique.<br><br>Je suis \u00e9galement un de ceux qui ont pouss\u00e9 \u00e0 la cr\u00e9ation de la section du PS. <br><br>Elu de puis 2011, j&rsquo;ai \u00e9t\u00e9 membre de la commission des finances pendant la l\u00e9gislature 2016-2021.<\/p>\n\n\n\n<p class=\"has-medium-font-size\" style=\"font-style:normal;font-weight:300\"><\/p>\n<\/details>\n\n\n\n<details class=\"wp-block-details has-medium-font-size is-layout-flow wp-block-details-is-layout-flow\"><summary><strong><strong>+ Vision<\/strong><\/strong><\/summary>\n<p class=\"has-medium-font-size\" style=\"font-style:normal;font-weight:300\">Je suis toujours motiv\u00e9 \u00e0 m&rsquo;engager pour que les projets politiques aient toujours comme horizon le bien commun et la prise en compte des besoins multiples de toutes les couches sociales de notre village : enfants, jeunes, familles, seniors, etc.<br><br>Je pense qu&rsquo;il est fondamental de s&rsquo;investir pour rendre possible et favoriser la rencontre, les \u00e9changes afin de construire ou consolider un sentiment d&rsquo;appartenance \u00e0 notre village.<\/p>\n<\/details>\n\n\n\n<details class=\"wp-block-details has-medium-font-size is-layout-flow wp-block-details-is-layout-flow\"><summary><strong><strong>+<\/strong> <strong>Priorit\u00e9s<\/strong><\/strong><\/summary>\n<p class=\"has-medium-font-size\" style=\"font-style:normal;font-weight:300\">D\u00e9velopper un projet \u00e0 destination de la jeunesse<br><br>Cr\u00e9er un espace communautaire villageois qui soit un lieu de rencontre<br><br>Acc\u00e9l\u00e9rer la mise en place d&rsquo;infrastructures qui r\u00e9pondent aux besoins des familles<\/p>\n<\/details>\n\n\n\n<hr class=\"wp-block-separator has-text-color has-vivid-red-color has-alpha-channel-opacity has-vivid-red-background-color has-background\"\/>\n\n\n\n<p><\/p>\n","protected":false},"excerpt":{"rendered":"<p>Vous pouvez retrouver les portraits de nos colistiers Vert.e.s sur le site de leur section. Simon Sch\u00fcl\u00e9, 1979 Ing\u00e9nieur EPFL informatique Pr\u00e9sident et ludoth\u00e9caire &#8211; Ludo Romanel Pr\u00e9sident de la Commission des Finances Jeanne Vuillaume, 1987 Cheffe de projets urbains et immobiliers Master en d\u00e9veloppement territorial Christoph Sch\u00e4fer, 1991 Chercheur puis Manager Informatique aux CFF <a href=\"https:\/\/ps-romanel.ch\/index.php\/candidat-e-s\/\" rel=\"nofollow\"><span class=\"sr-only\">En savoir plus surNos candidat.e.s aux \u00e9lections communales du 8 mars 2026 : Liste N\u00b02 !<\/span>[&hellip;]<\/a><\/p>\n","protected":false},"author":3,"featured_media":868,"parent":0,"menu_order":0,"comment_status":"closed","ping_status":"closed","template":"","meta":{"footnotes":""},"class_list":["post-37","page","type-page","status-publish","has-post-thumbnail","hentry"],"yoast_head":"<!-- This site is optimized with the Yoast SEO plugin v18.7 - https:\/\/yoast.com\/wordpress\/plugins\/seo\/ -->\n<title>Nos candidat.e.s aux \u00e9lections communales du 8 mars 2026 : Liste N\u00b02 ! - Parti Socialiste de Romanel-sur-Lausanne et Cheseaux-sur-Lausanne<\/title>\n<meta name=\"robots\" content=\"index, follow, max-snippet:-1, max-image-preview:large, max-video-preview:-1\" \/>\n<link rel=\"canonical\" href=\"https:\/\/ps-romanel.ch\/index.php\/candidat-e-s\/\" \/>\n<meta property=\"og:locale\" content=\"fr_FR\" \/>\n<meta property=\"og:type\" content=\"article\" \/>\n<meta property=\"og:title\" content=\"Nos candidat.e.s aux \u00e9lections communales du 8 mars 2026 : Liste N\u00b02 ! - Parti Socialiste de Romanel-sur-Lausanne et Cheseaux-sur-Lausanne\" \/>\n<meta property=\"og:description\" content=\"Vous pouvez retrouver les portraits de nos colistiers Vert.e.s sur le site de leur section. Simon Sch\u00fcl\u00e9, 1979 Ing\u00e9nieur EPFL informatique Pr\u00e9sident et ludoth\u00e9caire &#8211; Ludo Romanel Pr\u00e9sident de la Commission des Finances Jeanne Vuillaume, 1987 Cheffe de projets urbains et immobiliers Master en d\u00e9veloppement territorial Christoph Sch\u00e4fer, 1991 Chercheur puis Manager Informatique aux CFF En savoir plus surNos candidat.e.s aux \u00e9lections communales du 8 mars 2026 : Liste N\u00b02 ![&hellip;]\" \/>\n<meta property=\"og:url\" content=\"https:\/\/ps-romanel.ch\/index.php\/candidat-e-s\/\" \/>\n<meta property=\"og:site_name\" content=\"Parti Socialiste de Romanel-sur-Lausanne et Cheseaux-sur-Lausanne\" \/>\n<meta property=\"article:modified_time\" content=\"2026-02-03T17:22:10+00:00\" \/>\n<meta property=\"og:image\" content=\"http:\/\/ps-romanel.ch\/wp-content\/uploads\/2026\/01\/Candidats-ps-verts-avec-etiquettes.jpg\" \/>\n\t<meta property=\"og:image:width\" content=\"1600\" \/>\n\t<meta property=\"og:image:height\" content=\"852\" \/>\n\t<meta property=\"og:image:type\" content=\"image\/jpeg\" \/>\n<meta name=\"twitter:card\" content=\"summary_large_image\" \/>\n<meta name=\"twitter:label1\" content=\"Dur\u00e9e de lecture estim\u00e9e\" \/>\n\t<meta name=\"twitter:data1\" content=\"4 minutes\" \/>\n<script type=\"application\/ld+json\" class=\"yoast-schema-graph\">{\"@context\":\"https:\/\/schema.org\",\"@graph\":[{\"@type\":\"WebSite\",\"@id\":\"https:\/\/ps-romanel.ch\/#website\",\"url\":\"https:\/\/ps-romanel.ch\/\",\"name\":\"Parti Socialiste de Romanel-sur-Lausanne et Cheseaux-sur-Lausanne\",\"description\":\"SOLIDAIRE, PROGRESSISTE ET DURABLE\",\"potentialAction\":[{\"@type\":\"SearchAction\",\"target\":{\"@type\":\"EntryPoint\",\"urlTemplate\":\"https:\/\/ps-romanel.ch\/?s={search_term_string}\"},\"query-input\":\"required name=search_term_string\"}],\"inLanguage\":\"fr-FR\"},{\"@type\":\"ImageObject\",\"inLanguage\":\"fr-FR\",\"@id\":\"https:\/\/ps-romanel.ch\/index.php\/candidat-e-s\/#primaryimage\",\"url\":\"https:\/\/ps-romanel.ch\/wp-content\/uploads\/2026\/01\/Candidats-ps-verts-avec-etiquettes.jpg\",\"contentUrl\":\"https:\/\/ps-romanel.ch\/wp-content\/uploads\/2026\/01\/Candidats-ps-verts-avec-etiquettes.jpg\",\"width\":1600,\"height\":852},{\"@type\":\"WebPage\",\"@id\":\"https:\/\/ps-romanel.ch\/index.php\/candidat-e-s\/#webpage\",\"url\":\"https:\/\/ps-romanel.ch\/index.php\/candidat-e-s\/\",\"name\":\"Nos candidat.e.s aux \u00e9lections communales du 8 mars 2026 : Liste N\u00b02 ! - Parti Socialiste de Romanel-sur-Lausanne et Cheseaux-sur-Lausanne\",\"isPartOf\":{\"@id\":\"https:\/\/ps-romanel.ch\/#website\"},\"primaryImageOfPage\":{\"@id\":\"https:\/\/ps-romanel.ch\/index.php\/candidat-e-s\/#primaryimage\"},\"datePublished\":\"2016-01-25T09:33:22+00:00\",\"dateModified\":\"2026-02-03T17:22:10+00:00\",\"breadcrumb\":{\"@id\":\"https:\/\/ps-romanel.ch\/index.php\/candidat-e-s\/#breadcrumb\"},\"inLanguage\":\"fr-FR\",\"potentialAction\":[{\"@type\":\"ReadAction\",\"target\":[\"https:\/\/ps-romanel.ch\/index.php\/candidat-e-s\/\"]}]},{\"@type\":\"BreadcrumbList\",\"@id\":\"https:\/\/ps-romanel.ch\/index.php\/candidat-e-s\/#breadcrumb\",\"itemListElement\":[{\"@type\":\"ListItem\",\"position\":1,\"name\":\"Accueil\",\"item\":\"https:\/\/ps-romanel.ch\/\"},{\"@type\":\"ListItem\",\"position\":2,\"name\":\"Nos candidat.e.s aux \u00e9lections communales du 8 mars 2026 : Liste N\u00b02 !\"}]}]}<\/script>\n<!-- \/ Yoast SEO plugin. -->","yoast_head_json":{"title":"Nos candidat.e.s aux \u00e9lections communales du 8 mars 2026 : Liste N\u00b02 ! - Parti Socialiste de Romanel-sur-Lausanne et Cheseaux-sur-Lausanne","robots":{"index":"index","follow":"follow","max-snippet":"max-snippet:-1","max-image-preview":"max-image-preview:large","max-video-preview":"max-video-preview:-1"},"canonical":"https:\/\/ps-romanel.ch\/index.php\/candidat-e-s\/","og_locale":"fr_FR","og_type":"article","og_title":"Nos candidat.e.s aux \u00e9lections communales du 8 mars 2026 : Liste N\u00b02 ! - Parti Socialiste de Romanel-sur-Lausanne et Cheseaux-sur-Lausanne","og_description":"Vous pouvez retrouver les portraits de nos colistiers Vert.e.s sur le site de leur section. Simon Sch\u00fcl\u00e9, 1979 Ing\u00e9nieur EPFL informatique Pr\u00e9sident et ludoth\u00e9caire &#8211; Ludo Romanel Pr\u00e9sident de la Commission des Finances Jeanne Vuillaume, 1987 Cheffe de projets urbains et immobiliers Master en d\u00e9veloppement territorial Christoph Sch\u00e4fer, 1991 Chercheur puis Manager Informatique aux CFF En savoir plus surNos candidat.e.s aux \u00e9lections communales du 8 mars 2026 : Liste N\u00b02 ![&hellip;]","og_url":"https:\/\/ps-romanel.ch\/index.php\/candidat-e-s\/","og_site_name":"Parti Socialiste de Romanel-sur-Lausanne et Cheseaux-sur-Lausanne","article_modified_time":"2026-02-03T17:22:10+00:00","og_image":[{"width":1600,"height":852,"url":"http:\/\/ps-romanel.ch\/wp-content\/uploads\/2026\/01\/Candidats-ps-verts-avec-etiquettes.jpg","type":"image\/jpeg"}],"twitter_card":"summary_large_image","twitter_misc":{"Dur\u00e9e de lecture estim\u00e9e":"4 minutes"},"schema":{"@context":"https:\/\/schema.org","@graph":[{"@type":"WebSite","@id":"https:\/\/ps-romanel.ch\/#website","url":"https:\/\/ps-romanel.ch\/","name":"Parti Socialiste de Romanel-sur-Lausanne et Cheseaux-sur-Lausanne","description":"SOLIDAIRE, PROGRESSISTE ET DURABLE","potentialAction":[{"@type":"SearchAction","target":{"@type":"EntryPoint","urlTemplate":"https:\/\/ps-romanel.ch\/?s={search_term_string}"},"query-input":"required name=search_term_string"}],"inLanguage":"fr-FR"},{"@type":"ImageObject","inLanguage":"fr-FR","@id":"https:\/\/ps-romanel.ch\/index.php\/candidat-e-s\/#primaryimage","url":"https:\/\/ps-romanel.ch\/wp-content\/uploads\/2026\/01\/Candidats-ps-verts-avec-etiquettes.jpg","contentUrl":"https:\/\/ps-romanel.ch\/wp-content\/uploads\/2026\/01\/Candidats-ps-verts-avec-etiquettes.jpg","width":1600,"height":852},{"@type":"WebPage","@id":"https:\/\/ps-romanel.ch\/index.php\/candidat-e-s\/#webpage","url":"https:\/\/ps-romanel.ch\/index.php\/candidat-e-s\/","name":"Nos candidat.e.s aux \u00e9lections communales du 8 mars 2026 : Liste N\u00b02 ! - Parti Socialiste de Romanel-sur-Lausanne et Cheseaux-sur-Lausanne","isPartOf":{"@id":"https:\/\/ps-romanel.ch\/#website"},"primaryImageOfPage":{"@id":"https:\/\/ps-romanel.ch\/index.php\/candidat-e-s\/#primaryimage"},"datePublished":"2016-01-25T09:33:22+00:00","dateModified":"2026-02-03T17:22:10+00:00","breadcrumb":{"@id":"https:\/\/ps-romanel.ch\/index.php\/candidat-e-s\/#breadcrumb"},"inLanguage":"fr-FR","potentialAction":[{"@type":"ReadAction","target":["https:\/\/ps-romanel.ch\/index.php\/candidat-e-s\/"]}]},{"@type":"BreadcrumbList","@id":"https:\/\/ps-romanel.ch\/index.php\/candidat-e-s\/#breadcrumb","itemListElement":[{"@type":"ListItem","position":1,"name":"Accueil","item":"https:\/\/ps-romanel.ch\/"},{"@type":"ListItem","position":2,"name":"Nos candidat.e.s aux \u00e9lections communales du 8 mars 2026 : Liste N\u00b02 !"}]}]}},"_links":{"self":[{"href":"https:\/\/ps-romanel.ch\/index.php\/wp-json\/wp\/v2\/pages\/37","targetHints":{"allow":["GET"]}}],"collection":[{"href":"https:\/\/ps-romanel.ch\/index.php\/wp-json\/wp\/v2\/pages"}],"about":[{"href":"https:\/\/ps-romanel.ch\/index.php\/wp-json\/wp\/v2\/types\/page"}],"author":[{"embeddable":true,"href":"https:\/\/ps-romanel.ch\/index.php\/wp-json\/wp\/v2\/users\/3"}],"replies":[{"embeddable":true,"href":"https:\/\/ps-romanel.ch\/index.php\/wp-json\/wp\/v2\/comments?post=37"}],"version-history":[{"count":198,"href":"https:\/\/ps-romanel.ch\/index.php\/wp-json\/wp\/v2\/pages\/37\/revisions"}],"predecessor-version":[{"id":1078,"href":"https:\/\/ps-romanel.ch\/index.php\/wp-json\/wp\/v2\/pages\/37\/revisions\/1078"}],"wp:featuredmedia":[{"embeddable":true,"href":"https:\/\/ps-romanel.ch\/index.php\/wp-json\/wp\/v2\/media\/868"}],"wp:attachment":[{"href":"https:\/\/ps-romanel.ch\/index.php\/wp-json\/wp\/v2\/media?parent=37"}],"curies":[{"name":"wp","href":"https:\/\/api.w.org\/{rel}","templated":true}]}}